{"id":379,"date":"2022-10-05T09:25:36","date_gmt":"2022-10-05T07:25:36","guid":{"rendered":"https:\/\/ellelabiencherche.com\/?page_id=379"},"modified":"2023-05-17T10:26:31","modified_gmt":"2023-05-17T08:26:31","slug":"bibliotheque","status":"publish","type":"page","link":"https:\/\/ellelabiencherche.com\/index.php\/bibliotheque\/","title":{"rendered":"Biblioth\u00e8que"},"content":{"rendered":"\n<p>Pour acc\u00e9der \u00e0 une <strong>bibliographie<\/strong> compl\u00e8te d&#8217;ouvrages rang\u00e9s par th\u00e8me, cliquez<mark style=\"background-color:rgba(0, 0, 0, 0)\" class=\"has-inline-color has-vivid-purple-color\"><strong> <a href=\"https:\/\/docs.google.com\/spreadsheets\/d\/1BJtWbY5muqZrWmNY8s2vPBlmo9PAETuzuSpoP2rsLqs\/edit?usp=sharing\" target=\"_blank\" rel=\"noreferrer noopener\">ici.<\/a><\/strong><\/mark><\/p>\n\n\n\n<p>Ci dessous, quelques ouvrages pr\u00e9sent\u00e9s de mani\u00e8re plus compl\u00e8te :<\/p>\n\n\n\n<div class=\"wp-block-columns is-layout-flex wp-container-core-columns-is-layout-9d6595d7 wp-block-columns-is-layout-flex\">\n<div class=\"wp-block-column is-layout-flow wp-block-column-is-layout-flow\">\n<figure class=\"wp-block-image size-full\"><img loading=\"lazy\" decoding=\"async\" width=\"940\" height=\"788\" src=\"https:\/\/ellelabiencherche.com\/wp-content\/uploads\/2022\/10\/1.png\" alt=\"\" class=\"wp-image-380\" srcset=\"https:\/\/ellelabiencherche.com\/wp-content\/uploads\/2022\/10\/1.png 940w, https:\/\/ellelabiencherche.com\/wp-content\/uploads\/2022\/10\/1-300x251.png 300w, https:\/\/ellelabiencherche.com\/wp-content\/uploads\/2022\/10\/1-768x644.png 768w, https:\/\/ellelabiencherche.com\/wp-content\/uploads\/2022\/10\/1-72x60.png 72w\" sizes=\"auto, (max-width: 940px) 100vw, 940px\" \/><\/figure>\n<\/div>\n\n\n\n<div class=\"wp-block-column is-layout-flow wp-block-column-is-layout-flow\">\n<p>Le livre de r\u00e9f\u00e9rence sur les violences sexuelles, \u00e9crit par Muriel Salmona, m\u00e9decin engag\u00e9e contre les violences et qui a fait beaucoup de travaux et de recherches sur les psychotraumatismes li\u00e9s aux violences, la mani\u00e8re de les traiter aux mieux.<\/p>\n<\/div>\n<\/div>\n\n\n\n<div class=\"wp-block-columns is-layout-flex wp-container-core-columns-is-layout-9d6595d7 wp-block-columns-is-layout-flex\">\n<div class=\"wp-block-column is-layout-flow wp-block-column-is-layout-flow\">\n<figure class=\"wp-block-image size-full\"><img loading=\"lazy\" decoding=\"async\" width=\"940\" height=\"788\" src=\"https:\/\/ellelabiencherche.com\/wp-content\/uploads\/2022\/10\/2.png\" alt=\"\" class=\"wp-image-381\" srcset=\"https:\/\/ellelabiencherche.com\/wp-content\/uploads\/2022\/10\/2.png 940w, https:\/\/ellelabiencherche.com\/wp-content\/uploads\/2022\/10\/2-300x251.png 300w, https:\/\/ellelabiencherche.com\/wp-content\/uploads\/2022\/10\/2-768x644.png 768w, https:\/\/ellelabiencherche.com\/wp-content\/uploads\/2022\/10\/2-72x60.png 72w\" sizes=\"auto, (max-width: 940px) 100vw, 940px\" \/><\/figure>\n<\/div>\n\n\n\n<div class=\"wp-block-column is-layout-flow wp-block-column-is-layout-flow\">\n<p>Dans ce manuel de r\u00e9f\u00e9rence, Caroline De Haas fait le tour des violences sexistes et sexuelles et nous donne des chiffres, nous explique le m\u00e9canisme des violences, et nous parle des moyens d&#8217;agir pour y mettre fin, le tout agr\u00e9ment\u00e9 de nombreuses r\u00e9f\u00e9rences pour aller plus loin.<\/p>\n<\/div>\n<\/div>\n\n\n\n<div class=\"wp-block-columns is-layout-flex wp-container-core-columns-is-layout-9d6595d7 wp-block-columns-is-layout-flex\">\n<div class=\"wp-block-column is-layout-flow wp-block-column-is-layout-flow\">\n<figure class=\"wp-block-image size-full\"><img loading=\"lazy\" decoding=\"async\" width=\"940\" height=\"788\" src=\"https:\/\/ellelabiencherche.com\/wp-content\/uploads\/2022\/10\/3.png\" alt=\"\" class=\"wp-image-382\" srcset=\"https:\/\/ellelabiencherche.com\/wp-content\/uploads\/2022\/10\/3.png 940w, https:\/\/ellelabiencherche.com\/wp-content\/uploads\/2022\/10\/3-300x251.png 300w, https:\/\/ellelabiencherche.com\/wp-content\/uploads\/2022\/10\/3-768x644.png 768w, https:\/\/ellelabiencherche.com\/wp-content\/uploads\/2022\/10\/3-72x60.png 72w\" sizes=\"auto, (max-width: 940px) 100vw, 940px\" \/><\/figure>\n<\/div>\n\n\n\n<div class=\"wp-block-column is-layout-flow wp-block-column-is-layout-flow\">\n<p>Dans ce livre, qui existe aussi en version podcast, Victoire Tuaillon nous parle de la masculinit\u00e9 : comment se construit-elle, en quoi peut-elle \u00eatre toxique, et comment la d\u00e9construire pour des masculinit\u00e9s plus \u00e9panouies. Un livre agr\u00e9able et facile \u00e0 lire, \u00e0 mettre entre les mains des hommes et des femmes !<\/p>\n<\/div>\n<\/div>\n\n\n\n<div class=\"wp-block-columns is-layout-flex wp-container-core-columns-is-layout-9d6595d7 wp-block-columns-is-layout-flex\">\n<div class=\"wp-block-column is-layout-flow wp-block-column-is-layout-flow\">\n<figure class=\"wp-block-image size-full\"><img loading=\"lazy\" decoding=\"async\" width=\"940\" height=\"788\" src=\"https:\/\/ellelabiencherche.com\/wp-content\/uploads\/2022\/10\/4.png\" alt=\"\" class=\"wp-image-383\" srcset=\"https:\/\/ellelabiencherche.com\/wp-content\/uploads\/2022\/10\/4.png 940w, https:\/\/ellelabiencherche.com\/wp-content\/uploads\/2022\/10\/4-300x251.png 300w, https:\/\/ellelabiencherche.com\/wp-content\/uploads\/2022\/10\/4-768x644.png 768w, https:\/\/ellelabiencherche.com\/wp-content\/uploads\/2022\/10\/4-72x60.png 72w\" sizes=\"auto, (max-width: 940px) 100vw, 940px\" \/><\/figure>\n<\/div>\n\n\n\n<div class=\"wp-block-column is-layout-flow wp-block-column-is-layout-flow\">\n<p>De la m\u00eame autrice, et aussi adapt\u00e9 d&#8217;un podcast du m\u00eame nom, &#8220;Le coeur sur la table&#8221; explore quant \u00e0 lui les relations affectives. T\u00e9moignages, \u00e9clairages d&#8217;expert\u00b7e\u00b7s et exp\u00e9riences v\u00e9cues interrogent les fa\u00e7ons dont on s&#8217;aime aujourd&#8217;hui et pr\u00f4ne une r\u00e9volution romantique<\/p>\n<\/div>\n<\/div>\n\n\n\n<div class=\"wp-block-columns is-layout-flex wp-container-core-columns-is-layout-9d6595d7 wp-block-columns-is-layout-flex\">\n<div class=\"wp-block-column is-layout-flow wp-block-column-is-layout-flow\">\n<figure class=\"wp-block-image size-full\"><img loading=\"lazy\" decoding=\"async\" width=\"940\" height=\"788\" src=\"https:\/\/ellelabiencherche.com\/wp-content\/uploads\/2022\/10\/5-1.png\" alt=\"\" class=\"wp-image-385\" srcset=\"https:\/\/ellelabiencherche.com\/wp-content\/uploads\/2022\/10\/5-1.png 940w, https:\/\/ellelabiencherche.com\/wp-content\/uploads\/2022\/10\/5-1-300x251.png 300w, https:\/\/ellelabiencherche.com\/wp-content\/uploads\/2022\/10\/5-1-768x644.png 768w, https:\/\/ellelabiencherche.com\/wp-content\/uploads\/2022\/10\/5-1-72x60.png 72w\" sizes=\"auto, (max-width: 940px) 100vw, 940px\" \/><\/figure>\n<\/div>\n\n\n\n<div class=\"wp-block-column is-layout-flow wp-block-column-is-layout-flow\">\n<p>Liv Str\u00f6mquist est une autrice su\u00e9doise de Bandes Dessin\u00e9es dont la plupart traitent de sujets f\u00e9ministes : ultra r\u00e9f\u00e9renc\u00e9es, ce sont de v\u00e9ritables essais illustr\u00e9s qui vulgarisent un savoir sociologique, historique, philosophique, scientifique. <\/p>\n\n\n\n<p>Dans l&#8217;Origine du monde, elle aborde le sexe f\u00e9minin (au sens propore), le clitoris et son histoire. Dans Les Sentiments du Prince Charles (mon pr\u00e9f\u00e9r\u00e9), elle aborde le fonctionnement sexiste des couples h\u00e9t\u00e9rosexuels avec une analyse sociologique et historique des relations de couple. Enfin (pour n&#8217;en citer que 3), le palais des miroir aborde la question de la beaut\u00e9 et de l&#8217;apparence. <\/p>\n\n\n\n<p>A lire absolument !!!<\/p>\n<\/div>\n<\/div>\n\n\n\n<div class=\"wp-block-columns is-layout-flex wp-container-core-columns-is-layout-9d6595d7 wp-block-columns-is-layout-flex\">\n<div class=\"wp-block-column is-layout-flow wp-block-column-is-layout-flow\">\n<figure class=\"wp-block-image size-full\"><img loading=\"lazy\" decoding=\"async\" width=\"940\" height=\"788\" src=\"https:\/\/ellelabiencherche.com\/wp-content\/uploads\/2022\/10\/6.png\" alt=\"\" class=\"wp-image-386\" srcset=\"https:\/\/ellelabiencherche.com\/wp-content\/uploads\/2022\/10\/6.png 940w, https:\/\/ellelabiencherche.com\/wp-content\/uploads\/2022\/10\/6-300x251.png 300w, https:\/\/ellelabiencherche.com\/wp-content\/uploads\/2022\/10\/6-768x644.png 768w, https:\/\/ellelabiencherche.com\/wp-content\/uploads\/2022\/10\/6-72x60.png 72w\" sizes=\"auto, (max-width: 940px) 100vw, 940px\" \/><\/figure>\n<\/div>\n\n\n\n<div class=\"wp-block-column is-layout-flow wp-block-column-is-layout-flow\">\n<p>Id\u00e9ales pour d\u00e9buter, ces petites BD abordent (entre autres) des sujets f\u00e9ministes illustr\u00e9s par des sc\u00e8nes concr\u00e8tes de la vie quotidienne. Connue notamment pour avoir popularis\u00e9 le concept de charge mentale en France, Emma s&#8217;int\u00e9resse \u00e9galement \u00e0 la maternit\u00e9, \u00e0 la charge \u00e9motionnelle, aux strat\u00e9gies d&#8217;\u00e9vitement des hommes face aux t\u00e2ches m\u00e9nag\u00e8res, et beaucoup d&#8217;autres sujets qui n\u00e9cessitent qu&#8217;on s&#8217;y arr\u00eate. <\/p>\n<\/div>\n<\/div>\n\n\n\n<div class=\"wp-block-columns is-layout-flex wp-container-core-columns-is-layout-9d6595d7 wp-block-columns-is-layout-flex\">\n<div class=\"wp-block-column is-layout-flow wp-block-column-is-layout-flow\">\n<figure class=\"wp-block-image size-full\"><img loading=\"lazy\" decoding=\"async\" width=\"940\" height=\"788\" src=\"https:\/\/ellelabiencherche.com\/wp-content\/uploads\/2022\/10\/7.png\" alt=\"\" class=\"wp-image-387\" srcset=\"https:\/\/ellelabiencherche.com\/wp-content\/uploads\/2022\/10\/7.png 940w, https:\/\/ellelabiencherche.com\/wp-content\/uploads\/2022\/10\/7-300x251.png 300w, https:\/\/ellelabiencherche.com\/wp-content\/uploads\/2022\/10\/7-768x644.png 768w, https:\/\/ellelabiencherche.com\/wp-content\/uploads\/2022\/10\/7-72x60.png 72w\" sizes=\"auto, (max-width: 940px) 100vw, 940px\" \/><\/figure>\n<\/div>\n\n\n\n<div class=\"wp-block-column is-layout-flow wp-block-column-is-layout-flow\">\n<p>Encore une BD ! Commando Culotte explore la question du genre dans la pop culture : quelle place ont les femmes dans les s\u00e9ries tv ou les blockbusters et quel est l&#8217;impact sur notre soci\u00e9t\u00e9. Elle aborde la question par th\u00e8mes (ex : l&#8217;importance de la repr\u00e9sentation dans les m\u00e9dias, ou la culture du viol) ou par oeuvre (ex : La s\u00e9rie Game of Thrones, Starship Troopers, School of Rock..)<\/p>\n<\/div>\n<\/div>\n\n\n\n<div class=\"wp-block-columns is-layout-flex wp-container-core-columns-is-layout-9d6595d7 wp-block-columns-is-layout-flex\">\n<div class=\"wp-block-column is-layout-flow wp-block-column-is-layout-flow\">\n<figure class=\"wp-block-image size-full\"><img loading=\"lazy\" decoding=\"async\" width=\"940\" height=\"788\" src=\"https:\/\/ellelabiencherche.com\/wp-content\/uploads\/2022\/10\/8.png\" alt=\"\" class=\"wp-image-388\" srcset=\"https:\/\/ellelabiencherche.com\/wp-content\/uploads\/2022\/10\/8.png 940w, https:\/\/ellelabiencherche.com\/wp-content\/uploads\/2022\/10\/8-300x251.png 300w, https:\/\/ellelabiencherche.com\/wp-content\/uploads\/2022\/10\/8-768x644.png 768w, https:\/\/ellelabiencherche.com\/wp-content\/uploads\/2022\/10\/8-72x60.png 72w\" sizes=\"auto, (max-width: 940px) 100vw, 940px\" \/><\/figure>\n<\/div>\n\n\n\n<div class=\"wp-block-column is-layout-flow wp-block-column-is-layout-flow\">\n<p>J&#8217;aime particuli\u00e8rement ce roman graphique de Marion Spaak qui aborde divers sujets f\u00e9ministes. Elle y parle du couple, de la parentalit\u00e9, du rapport au corps, mais aussi de l&#8217;occupation de l&#8217;espace public ou des biais sexistes des algorithmes des intelligences artificielles. <\/p>\n<\/div>\n<\/div>\n\n\n\n<div class=\"wp-block-columns is-layout-flex wp-container-core-columns-is-layout-9d6595d7 wp-block-columns-is-layout-flex\">\n<div class=\"wp-block-column is-layout-flow wp-block-column-is-layout-flow\">\n<figure class=\"wp-block-image size-full\"><img loading=\"lazy\" decoding=\"async\" width=\"940\" height=\"788\" src=\"https:\/\/ellelabiencherche.com\/wp-content\/uploads\/2022\/10\/9.png\" alt=\"\" class=\"wp-image-389\" srcset=\"https:\/\/ellelabiencherche.com\/wp-content\/uploads\/2022\/10\/9.png 940w, https:\/\/ellelabiencherche.com\/wp-content\/uploads\/2022\/10\/9-300x251.png 300w, https:\/\/ellelabiencherche.com\/wp-content\/uploads\/2022\/10\/9-768x644.png 768w, https:\/\/ellelabiencherche.com\/wp-content\/uploads\/2022\/10\/9-72x60.png 72w\" sizes=\"auto, (max-width: 940px) 100vw, 940px\" \/><\/figure>\n<\/div>\n\n\n\n<div class=\"wp-block-column is-layout-flow wp-block-column-is-layout-flow\">\n<p>Ce livre est tir\u00e9 du <a href=\"https:\/\/projetcrocodiles.tumblr.com\/\" target=\"_blank\" rel=\"noreferrer noopener\">&#8220;projet crocodile&#8221;<\/a> et regroupe des situations de harc\u00e8lement de rue mais aussi des violences masculines envers les femmes. Tr\u00e8s percutant, il alerte sur ce que vivent au quotidien les femmes dans l&#8217;espace public, et donne des clefs pour r\u00e9agir en tant que t\u00e9moin ou victime. Tous les hommes, m\u00eame ceux qui ne harc\u00e8lent pas, sont repr\u00e9sent\u00e9s par des crocodiles, et ce choix est un parti pris expliqu\u00e9 et argument\u00e9 \u00e0 la fin du livre. <\/p>\n<\/div>\n<\/div>\n\n\n\n<div class=\"wp-block-columns is-layout-flex wp-container-core-columns-is-layout-9d6595d7 wp-block-columns-is-layout-flex\">\n<div class=\"wp-block-column is-layout-flow wp-block-column-is-layout-flow\">\n<figure class=\"wp-block-image size-full\"><img loading=\"lazy\" decoding=\"async\" width=\"940\" height=\"788\" src=\"https:\/\/ellelabiencherche.com\/wp-content\/uploads\/2022\/10\/10.png\" alt=\"\" class=\"wp-image-390\" srcset=\"https:\/\/ellelabiencherche.com\/wp-content\/uploads\/2022\/10\/10.png 940w, https:\/\/ellelabiencherche.com\/wp-content\/uploads\/2022\/10\/10-300x251.png 300w, https:\/\/ellelabiencherche.com\/wp-content\/uploads\/2022\/10\/10-768x644.png 768w, https:\/\/ellelabiencherche.com\/wp-content\/uploads\/2022\/10\/10-72x60.png 72w\" sizes=\"auto, (max-width: 940px) 100vw, 940px\" \/><\/figure>\n<\/div>\n\n\n\n<div class=\"wp-block-column is-layout-flow wp-block-column-is-layout-flow\">\n<p>Voici un roman qui m&#8217;a boulevers\u00e9e&#8230; Sans vous r\u00e9v\u00e9ler tout, il parle de femmes qui ont d\u00e9cid\u00e9 de former un gang pour se faire justice, face \u00e0 la justice patriarcale et \u00e0 l&#8217;impunit\u00e9 des hommes violeurs. Attention, il peut retourner (TW CW)<\/p>\n<\/div>\n<\/div>\n\n\n\n<div class=\"wp-block-columns is-layout-flex wp-container-core-columns-is-layout-9d6595d7 wp-block-columns-is-layout-flex\">\n<div class=\"wp-block-column is-layout-flow wp-block-column-is-layout-flow\">\n<figure class=\"wp-block-image size-full\"><img loading=\"lazy\" decoding=\"async\" width=\"940\" height=\"788\" src=\"https:\/\/ellelabiencherche.com\/wp-content\/uploads\/2022\/10\/11.png\" alt=\"\" class=\"wp-image-391\" srcset=\"https:\/\/ellelabiencherche.com\/wp-content\/uploads\/2022\/10\/11.png 940w, https:\/\/ellelabiencherche.com\/wp-content\/uploads\/2022\/10\/11-300x251.png 300w, https:\/\/ellelabiencherche.com\/wp-content\/uploads\/2022\/10\/11-768x644.png 768w, https:\/\/ellelabiencherche.com\/wp-content\/uploads\/2022\/10\/11-72x60.png 72w\" sizes=\"auto, (max-width: 940px) 100vw, 940px\" \/><\/figure>\n<\/div>\n\n\n\n<div class=\"wp-block-column is-layout-flow wp-block-column-is-layout-flow\">\n<p>A la base, c&#8217;est un spectacle sur les menstruations ! mais comme il y avait trop de choses \u00e0 dire, elles en ont fait un livre ! un essai illustr\u00e9 tr\u00e8s instructif, dr\u00f4le, et engag\u00e9 dans lequel on apprend tout sur les r\u00e8gles et tout ce qui tourne autour. <\/p>\n<\/div>\n<\/div>\n\n\n\n<div class=\"wp-block-columns is-layout-flex wp-container-core-columns-is-layout-9d6595d7 wp-block-columns-is-layout-flex\">\n<div class=\"wp-block-column is-layout-flow wp-block-column-is-layout-flow\">\n<figure class=\"wp-block-image size-full\"><img loading=\"lazy\" decoding=\"async\" width=\"940\" height=\"788\" src=\"https:\/\/ellelabiencherche.com\/wp-content\/uploads\/2022\/10\/12.png\" alt=\"\" class=\"wp-image-392\" srcset=\"https:\/\/ellelabiencherche.com\/wp-content\/uploads\/2022\/10\/12.png 940w, https:\/\/ellelabiencherche.com\/wp-content\/uploads\/2022\/10\/12-300x251.png 300w, https:\/\/ellelabiencherche.com\/wp-content\/uploads\/2022\/10\/12-768x644.png 768w, https:\/\/ellelabiencherche.com\/wp-content\/uploads\/2022\/10\/12-72x60.png 72w\" sizes=\"auto, (max-width: 940px) 100vw, 940px\" \/><\/figure>\n<\/div>\n\n\n\n<div class=\"wp-block-column is-layout-flow wp-block-column-is-layout-flow\">\n<p>Ce livre \u00e9voque dans les grandes lignes l&#8217;histoire du f\u00e9minisme, ses divers courants, ses concepts, une partie des in\u00e9galit\u00e9s encore trop pr\u00e9sentes, des discriminations et des violences faites aux femmes, mais aussi les id\u00e9es re\u00e7ues sur les f\u00e9ministes et les controverses au sein du mouvement. Tr\u00e8s pratique si l&#8217;on veut avoir une vue d&#8217;ensemble avec chiffres et d\u00e9finitions.<\/p>\n<\/div>\n<\/div>\n\n\n\n<div class=\"wp-block-columns is-layout-flex wp-container-core-columns-is-layout-9d6595d7 wp-block-columns-is-layout-flex\">\n<div class=\"wp-block-column is-layout-flow wp-block-column-is-layout-flow\">\n<figure class=\"wp-block-image size-full\"><img loading=\"lazy\" decoding=\"async\" width=\"940\" height=\"788\" src=\"https:\/\/ellelabiencherche.com\/wp-content\/uploads\/2022\/10\/13.png\" alt=\"\" class=\"wp-image-393\" srcset=\"https:\/\/ellelabiencherche.com\/wp-content\/uploads\/2022\/10\/13.png 940w, https:\/\/ellelabiencherche.com\/wp-content\/uploads\/2022\/10\/13-300x251.png 300w, https:\/\/ellelabiencherche.com\/wp-content\/uploads\/2022\/10\/13-768x644.png 768w, https:\/\/ellelabiencherche.com\/wp-content\/uploads\/2022\/10\/13-72x60.png 72w\" sizes=\"auto, (max-width: 940px) 100vw, 940px\" \/><\/figure>\n<\/div>\n\n\n\n<div class=\"wp-block-column is-layout-flow wp-block-column-is-layout-flow\">\n<p>Dans ce livre, No\u00e9mie Renard, autrice du blog <a href=\"https:\/\/antisexisme.net\/\" target=\"_blank\" rel=\"noreferrer noopener\">antisexisme.net<\/a> fait l&#8217;\u00e9tat des lieux sur les violences sexuelles et les id\u00e9es re\u00e7ues, et d\u00e9montre les m\u00e9canismes d&#8217;impunit\u00e9 des violeurs \u00e0 travers les mythes, la minimisation par la soci\u00e9t\u00e9 et la justice, le traitement que l&#8217;on fait aux victimes. Elle montre ensuite en quoi le viol s&#8217;inscrit dans une histoire de pouvoir et de domination des hommes sur les femmes, et donne des clefs pour sortir de la culture du viol.<\/p>\n<\/div>\n<\/div>\n\n\n\n<div class=\"wp-block-columns is-layout-flex wp-container-core-columns-is-layout-9d6595d7 wp-block-columns-is-layout-flex\">\n<div class=\"wp-block-column is-layout-flow wp-block-column-is-layout-flow\">\n<figure class=\"wp-block-image size-full\"><img loading=\"lazy\" decoding=\"async\" width=\"940\" height=\"788\" src=\"https:\/\/ellelabiencherche.com\/wp-content\/uploads\/2022\/10\/14.png\" alt=\"\" class=\"wp-image-394\" srcset=\"https:\/\/ellelabiencherche.com\/wp-content\/uploads\/2022\/10\/14.png 940w, https:\/\/ellelabiencherche.com\/wp-content\/uploads\/2022\/10\/14-300x251.png 300w, https:\/\/ellelabiencherche.com\/wp-content\/uploads\/2022\/10\/14-768x644.png 768w, https:\/\/ellelabiencherche.com\/wp-content\/uploads\/2022\/10\/14-72x60.png 72w\" sizes=\"auto, (max-width: 940px) 100vw, 940px\" \/><\/figure>\n<\/div>\n\n\n\n<div class=\"wp-block-column is-layout-flow wp-block-column-is-layout-flow\">\n<p>Dans ce livre sous forme de lettres adress\u00e9es \u00e0 &#8220;des amants foireux&#8221;, Ovidie et Diglee abordent la sexualit\u00e9, le consentement, la pornographie, les comportements anormaux v\u00e9cus par beaucoup de femmes. Une brillante remise \u00e0 l&#8217;heure des pendules&#8230;<\/p>\n<\/div>\n<\/div>\n\n\n\n<div class=\"wp-block-columns is-layout-flex wp-container-core-columns-is-layout-9d6595d7 wp-block-columns-is-layout-flex\">\n<div class=\"wp-block-column is-layout-flow wp-block-column-is-layout-flow\">\n<figure class=\"wp-block-image size-full\"><img loading=\"lazy\" decoding=\"async\" width=\"940\" height=\"788\" src=\"https:\/\/ellelabiencherche.com\/wp-content\/uploads\/2022\/10\/15.png\" alt=\"\" class=\"wp-image-395\" srcset=\"https:\/\/ellelabiencherche.com\/wp-content\/uploads\/2022\/10\/15.png 940w, https:\/\/ellelabiencherche.com\/wp-content\/uploads\/2022\/10\/15-300x251.png 300w, https:\/\/ellelabiencherche.com\/wp-content\/uploads\/2022\/10\/15-768x644.png 768w, https:\/\/ellelabiencherche.com\/wp-content\/uploads\/2022\/10\/15-72x60.png 72w\" sizes=\"auto, (max-width: 940px) 100vw, 940px\" \/><\/figure>\n<\/div>\n\n\n\n<div class=\"wp-block-column is-layout-flow wp-block-column-is-layout-flow\">\n<p>Ce trait\u00e9 sur les masculinit\u00e9s, \u00e9crit par une femme transgenre, se lit hyper facilement et compl\u00e8te bien &#8220;Les couilles sur la table&#8221; de Victoire Tuaillon. <\/p>\n\n\n\n<p>Par l&#8217;autrice du blog <a href=\"https:\/\/lamecxpliqueuse.wordpress.com\/\" target=\"_blank\" rel=\"noreferrer noopener\">La Mecxpliqueuse<\/a><\/p>\n<\/div>\n<\/div>\n\n\n\n<div class=\"wp-block-columns is-layout-flex wp-container-core-columns-is-layout-9d6595d7 wp-block-columns-is-layout-flex\">\n<div class=\"wp-block-column is-layout-flow wp-block-column-is-layout-flow\">\n<figure class=\"wp-block-image size-full\"><img loading=\"lazy\" decoding=\"async\" width=\"940\" height=\"788\" src=\"https:\/\/ellelabiencherche.com\/wp-content\/uploads\/2022\/10\/16.png\" alt=\"\" class=\"wp-image-396\" srcset=\"https:\/\/ellelabiencherche.com\/wp-content\/uploads\/2022\/10\/16.png 940w, https:\/\/ellelabiencherche.com\/wp-content\/uploads\/2022\/10\/16-300x251.png 300w, https:\/\/ellelabiencherche.com\/wp-content\/uploads\/2022\/10\/16-768x644.png 768w, https:\/\/ellelabiencherche.com\/wp-content\/uploads\/2022\/10\/16-72x60.png 72w\" sizes=\"auto, (max-width: 940px) 100vw, 940px\" \/><\/figure>\n<\/div>\n\n\n\n<div class=\"wp-block-column is-layout-flow wp-block-column-is-layout-flow\">\n<p>Dans ce livre, la cr\u00e9atrice du podcast <a href=\"https:\/\/open.spotify.com\/show\/1WgrGarkpE3efj57f8uvzo\" target=\"_blank\" rel=\"noreferrer noopener\">&#8220;La Poudre&#8221;<\/a> interroge sur la place des femmes (et notamment leur exclusion) dans la sph\u00e8re publique : villes, m\u00e9dias, politique. Manifeste super engag\u00e9 et ultra document\u00e9. <\/p>\n<\/div>\n<\/div>\n\n\n\n<div class=\"wp-block-columns is-layout-flex wp-container-core-columns-is-layout-9d6595d7 wp-block-columns-is-layout-flex\">\n<div class=\"wp-block-column is-layout-flow wp-block-column-is-layout-flow\">\n<figure class=\"wp-block-image size-full\"><img loading=\"lazy\" decoding=\"async\" width=\"940\" height=\"788\" src=\"https:\/\/ellelabiencherche.com\/wp-content\/uploads\/2022\/12\/18.png\" alt=\"\" class=\"wp-image-432\" srcset=\"https:\/\/ellelabiencherche.com\/wp-content\/uploads\/2022\/12\/18.png 940w, https:\/\/ellelabiencherche.com\/wp-content\/uploads\/2022\/12\/18-300x251.png 300w, https:\/\/ellelabiencherche.com\/wp-content\/uploads\/2022\/12\/18-768x644.png 768w, https:\/\/ellelabiencherche.com\/wp-content\/uploads\/2022\/12\/18-72x60.png 72w\" sizes=\"auto, (max-width: 940px) 100vw, 940px\" \/><\/figure>\n<\/div>\n\n\n\n<div class=\"wp-block-column is-layout-flow wp-block-column-is-layout-flow\">\n<p>Fran\u00e7oise H\u00e9ritier est une anthropologue connue pour avoir \u00e9tudi\u00e9 les origines du patriarcat. Dans ce petit livre tr\u00e8s accessible, sous forme de conf\u00e9rence avec des questions et r\u00e9ponses, elle aborde la diff\u00e9rence des sexes. Si la diff\u00e9rence des corps est bien visible, aucune soci\u00e9t\u00e9 n&#8217;a organis\u00e9 le syst\u00e8me des relations humaines de la m\u00eame fa\u00e7on, \u00e0 partir de cette diff\u00e9rence. Mais il y a pourtant une sorte de constante puisque c&#8217;est presque toujours la domination masculine qui a \u00e9t\u00e9 institu\u00e9e. Pourquoi, comment ? La diff\u00e9rence des sexes explique-t-elle leur in\u00e9galit\u00e9 ?<\/p>\n<\/div>\n<\/div>\n\n\n\n<div class=\"wp-block-columns is-layout-flex wp-container-core-columns-is-layout-9d6595d7 wp-block-columns-is-layout-flex\">\n<div class=\"wp-block-column is-layout-flow wp-block-column-is-layout-flow\">\n<figure class=\"wp-block-image size-full\"><img loading=\"lazy\" decoding=\"async\" width=\"940\" height=\"788\" src=\"https:\/\/ellelabiencherche.com\/wp-content\/uploads\/2022\/12\/19.png\" alt=\"\" class=\"wp-image-435\" srcset=\"https:\/\/ellelabiencherche.com\/wp-content\/uploads\/2022\/12\/19.png 940w, https:\/\/ellelabiencherche.com\/wp-content\/uploads\/2022\/12\/19-300x251.png 300w, https:\/\/ellelabiencherche.com\/wp-content\/uploads\/2022\/12\/19-768x644.png 768w, https:\/\/ellelabiencherche.com\/wp-content\/uploads\/2022\/12\/19-72x60.png 72w\" sizes=\"auto, (max-width: 940px) 100vw, 940px\" \/><\/figure>\n<\/div>\n\n\n\n<div class=\"wp-block-column is-layout-flow wp-block-column-is-layout-flow\">\n<p>Dans ce pav\u00e9 on retrouve toutes les informations essentielle sur le f\u00e9minisme : son histoire, ses diff\u00e9rents courants, ses concepts, ses militantes, ses enjeux et tous les domaines qu&#8217;il touche. Une valeur s\u00fbre qu&#8217;on aime avoir chez soi d\u00e8s qu&#8217;on veut retrouver une information.<\/p>\n<\/div>\n<\/div>\n\n\n\n<div class=\"wp-block-columns is-layout-flex wp-container-core-columns-is-layout-9d6595d7 wp-block-columns-is-layout-flex\">\n<div class=\"wp-block-column is-layout-flow wp-block-column-is-layout-flow\">\n<figure class=\"wp-block-image size-full\"><img loading=\"lazy\" decoding=\"async\" width=\"940\" height=\"788\" src=\"https:\/\/ellelabiencherche.com\/wp-content\/uploads\/2022\/12\/20.png\" alt=\"\" class=\"wp-image-438\" srcset=\"https:\/\/ellelabiencherche.com\/wp-content\/uploads\/2022\/12\/20.png 940w, https:\/\/ellelabiencherche.com\/wp-content\/uploads\/2022\/12\/20-300x251.png 300w, https:\/\/ellelabiencherche.com\/wp-content\/uploads\/2022\/12\/20-768x644.png 768w, https:\/\/ellelabiencherche.com\/wp-content\/uploads\/2022\/12\/20-72x60.png 72w\" sizes=\"auto, (max-width: 940px) 100vw, 940px\" \/><\/figure>\n<\/div>\n\n\n\n<div class=\"wp-block-column is-layout-flow wp-block-column-is-layout-flow\">\n<p>Rebecca Solnitt est connue pour avoir popularis\u00e9 le &#8220;mansplaining&#8221;. Lors d&#8217;une soir\u00e9e, lorsqu&#8217;elle a mentionn\u00e9 devant un homme le sujet sur lequel elle travaillait, il a voulu lui faire une grande le\u00e7on en lui exposant notamment un livre &#8220;tr\u00e8s important&#8221; sur le sujet. Elle a du s&#8217;y reprendre \u00e0 4 fois pour qu&#8217;il veuille bien entendre que ce livre, c&#8217;est elle qui l&#8217;avait \u00e9crit.. Cet essai comporte \u00e9galement d&#8217;autres articles sur d&#8217;autres sujets concernant le f\u00e9minisme.<\/p>\n<\/div>\n<\/div>\n\n\n\n<div class=\"wp-block-columns is-layout-flex wp-container-core-columns-is-layout-9d6595d7 wp-block-columns-is-layout-flex\">\n<div class=\"wp-block-column is-layout-flow wp-block-column-is-layout-flow\">\n<figure class=\"wp-block-image size-full\"><img loading=\"lazy\" decoding=\"async\" width=\"940\" height=\"788\" src=\"https:\/\/ellelabiencherche.com\/wp-content\/uploads\/2023\/05\/livres.png\" alt=\"\" class=\"wp-image-577\" srcset=\"https:\/\/ellelabiencherche.com\/wp-content\/uploads\/2023\/05\/livres.png 940w, https:\/\/ellelabiencherche.com\/wp-content\/uploads\/2023\/05\/livres-300x251.png 300w, https:\/\/ellelabiencherche.com\/wp-content\/uploads\/2023\/05\/livres-768x644.png 768w, https:\/\/ellelabiencherche.com\/wp-content\/uploads\/2023\/05\/livres-72x60.png 72w\" sizes=\"auto, (max-width: 940px) 100vw, 940px\" \/><\/figure>\n<\/div>\n\n\n\n<div class=\"wp-block-column is-layout-flow wp-block-column-is-layout-flow\">\n<p>Un manuel d&#8217;\u00e9ducation antisexiste pour des gar\u00e7ons libres et heureux qui questionne les st\u00e9r\u00e9otypes, la masculinit\u00e9, et aide les parents \u00e0 \u00e9duquer leur gar\u00e7on de la mani\u00e8re la plus \u00e9galitaire possible. <\/p>\n<\/div>\n<\/div>\n\n\n\n<div class=\"wp-block-columns is-layout-flex wp-container-core-columns-is-layout-9d6595d7 wp-block-columns-is-layout-flex\">\n<div class=\"wp-block-column is-layout-flow wp-block-column-is-layout-flow\">\n<figure class=\"wp-block-image size-full\"><img loading=\"lazy\" decoding=\"async\" width=\"940\" height=\"788\" src=\"https:\/\/ellelabiencherche.com\/wp-content\/uploads\/2023\/05\/livres-2.png\" alt=\"\" class=\"wp-image-581\" srcset=\"https:\/\/ellelabiencherche.com\/wp-content\/uploads\/2023\/05\/livres-2.png 940w, https:\/\/ellelabiencherche.com\/wp-content\/uploads\/2023\/05\/livres-2-300x251.png 300w, https:\/\/ellelabiencherche.com\/wp-content\/uploads\/2023\/05\/livres-2-768x644.png 768w, https:\/\/ellelabiencherche.com\/wp-content\/uploads\/2023\/05\/livres-2-72x60.png 72w\" sizes=\"auto, (max-width: 940px) 100vw, 940px\" \/><\/figure>\n<\/div>\n\n\n\n<div class=\"wp-block-column is-layout-flow wp-block-column-is-layout-flow\">\n<p>Axelle Jah Njik\u00e9 relate ici sa vie d\u2019afrop\u00e9enne, fille, femme devenue m\u00e8re, ayant souffert de violences sexuelles et \u00e9ducatives dans l\u2019enfance. Se r\u00e9appropriant l\u2019histoire de sa famille, elle confronte les injonctions qui ont pes\u00e9 et p\u00e8sent encore sur les femmes. Mais c\u2019est aussi le r\u00e9cit d\u2019un \u00e9veil, d\u2019une \u00e9mancipation par la litt\u00e9rature et la sexualit\u00e9, o\u00f9 l\u2019intime rejoint l\u2019\u00e9minemment politique.<br>Axelle Jah Njik\u00e9 est aussi la cr\u00e9atrice des podcasts &#8220;La fille sur le canap\u00e9&#8221; et &#8220;Je suis noire et je n&#8217;aime pas Beyonc\u00e9&#8221;<\/p>\n<\/div>\n<\/div>\n\n\n\n<div class=\"wp-block-columns is-layout-flex wp-container-core-columns-is-layout-9d6595d7 wp-block-columns-is-layout-flex\">\n<div class=\"wp-block-column is-layout-flow wp-block-column-is-layout-flow\">\n<figure class=\"wp-block-image size-full\"><img loading=\"lazy\" decoding=\"async\" width=\"940\" height=\"788\" src=\"https:\/\/ellelabiencherche.com\/wp-content\/uploads\/2023\/05\/livres-3.png\" alt=\"\" class=\"wp-image-584\" srcset=\"https:\/\/ellelabiencherche.com\/wp-content\/uploads\/2023\/05\/livres-3.png 940w, https:\/\/ellelabiencherche.com\/wp-content\/uploads\/2023\/05\/livres-3-300x251.png 300w, https:\/\/ellelabiencherche.com\/wp-content\/uploads\/2023\/05\/livres-3-768x644.png 768w, https:\/\/ellelabiencherche.com\/wp-content\/uploads\/2023\/05\/livres-3-72x60.png 72w\" sizes=\"auto, (max-width: 940px) 100vw, 940px\" \/><\/figure>\n<\/div>\n\n\n\n<div class=\"wp-block-column is-layout-flow wp-block-column-is-layout-flow\">\n<p>Une analyse pertinente du traitement m\u00e9diatique des faits de violences sexistes et sexuelles, de nombreux exemples \u00e0 l&#8217;appui. <\/p>\n\n\n\n<p>Rose Lamy est l&#8217;autrice du compte insta &#8220;Pr\u00e9parez-vous pour la bagarre&#8221;.<\/p>\n<\/div>\n<\/div>\n\n\n\n<div class=\"wp-block-columns is-layout-flex wp-container-core-columns-is-layout-9d6595d7 wp-block-columns-is-layout-flex\">\n<div class=\"wp-block-column is-layout-flow wp-block-column-is-layout-flow\">\n<figure class=\"wp-block-image size-full\"><img loading=\"lazy\" decoding=\"async\" width=\"940\" height=\"788\" src=\"https:\/\/ellelabiencherche.com\/wp-content\/uploads\/2023\/05\/livres-4.png\" alt=\"\" class=\"wp-image-587\" srcset=\"https:\/\/ellelabiencherche.com\/wp-content\/uploads\/2023\/05\/livres-4.png 940w, https:\/\/ellelabiencherche.com\/wp-content\/uploads\/2023\/05\/livres-4-300x251.png 300w, https:\/\/ellelabiencherche.com\/wp-content\/uploads\/2023\/05\/livres-4-768x644.png 768w, https:\/\/ellelabiencherche.com\/wp-content\/uploads\/2023\/05\/livres-4-72x60.png 72w\" sizes=\"auto, (max-width: 940px) 100vw, 940px\" \/><\/figure>\n<\/div>\n\n\n\n<div class=\"wp-block-column is-layout-flow wp-block-column-is-layout-flow\">\n<p>Un roman bouleversant qui nous plonge dans les m\u00e9canismes de l&#8217;emprise, de la violence, de la dissociation traumatique. <\/p>\n\n\n\n<p>TW violences conjugales, violences sexuelles<\/p>\n<\/div>\n<\/div>\n","protected":false},"excerpt":{"rendered":"<p>Pour acc\u00e9der \u00e0 une bibliographie compl\u00e8te d&#8217;ouvrages rang\u00e9s par th\u00e8me, cliquez ici. Ci dessous, quelques ouvrages pr\u00e9sent\u00e9s de mani\u00e8re plus compl\u00e8te : Le livre de r\u00e9f\u00e9rence sur les violences sexuelles, \u00e9crit par Muriel Salmona, m\u00e9decin engag\u00e9e contre les violences et qui a fait beaucoup de travaux et de recherches sur les psychotraumatismes li\u00e9s aux violences, &hellip; <\/p>\n","protected":false},"author":1,"featured_media":0,"parent":0,"menu_order":0,"comment_status":"closed","ping_status":"closed","template":"","meta":{"footnotes":""},"class_list":["post-379","page","type-page","status-publish","hentry"],"yoast_head":"<!-- This site is optimized with the Yoast SEO plugin v20.4 - https:\/\/yoast.com\/wordpress\/plugins\/seo\/ -->\n<title>Biblioth\u00e8que - Elle l&#039;a bien cherch\u00e9 !?<\/title>\n<meta name=\"robots\" content=\"index, follow, max-snippet:-1, max-image-preview:large, max-video-preview:-1\" \/>\n<link rel=\"canonical\" href=\"https:\/\/ellelabiencherche.com\/index.php\/bibliotheque\/\" \/>\n<meta property=\"og:locale\" content=\"fr_FR\" \/>\n<meta property=\"og:type\" content=\"article\" \/>\n<meta property=\"og:title\" content=\"Biblioth\u00e8que - Elle l&#039;a bien cherch\u00e9 !?\" \/>\n<meta property=\"og:description\" content=\"Pour acc\u00e9der \u00e0 une bibliographie compl\u00e8te d&#8217;ouvrages rang\u00e9s par th\u00e8me, cliquez ici. Ci dessous, quelques ouvrages pr\u00e9sent\u00e9s de mani\u00e8re plus compl\u00e8te : Le livre de r\u00e9f\u00e9rence sur les violences sexuelles, \u00e9crit par Muriel Salmona, m\u00e9decin engag\u00e9e contre les violences et qui a fait beaucoup de travaux et de recherches sur les psychotraumatismes li\u00e9s aux violences, &hellip;\" \/>\n<meta property=\"og:url\" content=\"https:\/\/ellelabiencherche.com\/index.php\/bibliotheque\/\" \/>\n<meta property=\"og:site_name\" content=\"Elle l&#039;a bien cherch\u00e9 !?\" \/>\n<meta property=\"article:publisher\" content=\"https:\/\/www.facebook.com\/ellelabiencherche\" \/>\n<meta property=\"article:modified_time\" content=\"2023-05-17T08:26:31+00:00\" \/>\n<meta property=\"og:image\" content=\"https:\/\/ellelabiencherche.com\/wp-content\/uploads\/2022\/10\/1.png\" \/>\n<meta name=\"twitter:card\" content=\"summary_large_image\" \/>\n<meta name=\"twitter:label1\" content=\"Dur\u00e9e de lecture estim\u00e9e\" \/>\n\t<meta name=\"twitter:data1\" content=\"11 minutes\" \/>\n<script type=\"application\/ld+json\" class=\"yoast-schema-graph\">{\"@context\":\"https:\/\/schema.org\",\"@graph\":[{\"@type\":\"WebPage\",\"@id\":\"https:\/\/ellelabiencherche.com\/index.php\/bibliotheque\/\",\"url\":\"https:\/\/ellelabiencherche.com\/index.php\/bibliotheque\/\",\"name\":\"Biblioth\u00e8que - Elle l&#039;a bien cherch\u00e9 !?\",\"isPartOf\":{\"@id\":\"https:\/\/ellelabiencherche.com\/#website\"},\"datePublished\":\"2022-10-05T07:25:36+00:00\",\"dateModified\":\"2023-05-17T08:26:31+00:00\",\"breadcrumb\":{\"@id\":\"https:\/\/ellelabiencherche.com\/index.php\/bibliotheque\/#breadcrumb\"},\"inLanguage\":\"fr-FR\",\"potentialAction\":[{\"@type\":\"ReadAction\",\"target\":[\"https:\/\/ellelabiencherche.com\/index.php\/bibliotheque\/\"]}]},{\"@type\":\"BreadcrumbList\",\"@id\":\"https:\/\/ellelabiencherche.com\/index.php\/bibliotheque\/#breadcrumb\",\"itemListElement\":[{\"@type\":\"ListItem\",\"position\":1,\"name\":\"Accueil\",\"item\":\"https:\/\/ellelabiencherche.com\/\"},{\"@type\":\"ListItem\",\"position\":2,\"name\":\"Biblioth\u00e8que\"}]},{\"@type\":\"WebSite\",\"@id\":\"https:\/\/ellelabiencherche.com\/#website\",\"url\":\"https:\/\/ellelabiencherche.com\/\",\"name\":\"Elle l&#039;a bien cherch\u00e9 !?\",\"description\":\"Formation et sensibilisation - \u00c9galit\u00e9 femmes\/hommes - Lutte contre le sexisme - Fresque du sexisme\",\"publisher\":{\"@id\":\"https:\/\/ellelabiencherche.com\/#organization\"},\"potentialAction\":[{\"@type\":\"SearchAction\",\"target\":{\"@type\":\"EntryPoint\",\"urlTemplate\":\"https:\/\/ellelabiencherche.com\/?s={search_term_string}\"},\"query-input\":\"required name=search_term_string\"}],\"inLanguage\":\"fr-FR\"},{\"@type\":\"Organization\",\"@id\":\"https:\/\/ellelabiencherche.com\/#organization\",\"name\":\"Elle l'a bien cherch\u00e9 !\",\"url\":\"https:\/\/ellelabiencherche.com\/\",\"logo\":{\"@type\":\"ImageObject\",\"inLanguage\":\"fr-FR\",\"@id\":\"https:\/\/ellelabiencherche.com\/#\/schema\/logo\/image\/\",\"url\":\"https:\/\/ellelabiencherche.com\/wp-content\/uploads\/2022\/06\/blog-Couverture-Facebook3.jpeg\",\"contentUrl\":\"https:\/\/ellelabiencherche.com\/wp-content\/uploads\/2022\/06\/blog-Couverture-Facebook3.jpeg\",\"width\":851,\"height\":315,\"caption\":\"Elle l'a bien cherch\u00e9 !\"},\"image\":{\"@id\":\"https:\/\/ellelabiencherche.com\/#\/schema\/logo\/image\/\"},\"sameAs\":[\"https:\/\/www.facebook.com\/ellelabiencherche\",\"https:\/\/www.instagram.com\/ellelabiencherche\/\"]}]}<\/script>\n<!-- \/ Yoast SEO plugin. -->","yoast_head_json":{"title":"Biblioth\u00e8que - Elle l&#039;a bien cherch\u00e9 !?","robots":{"index":"index","follow":"follow","max-snippet":"max-snippet:-1","max-image-preview":"max-image-preview:large","max-video-preview":"max-video-preview:-1"},"canonical":"https:\/\/ellelabiencherche.com\/index.php\/bibliotheque\/","og_locale":"fr_FR","og_type":"article","og_title":"Biblioth\u00e8que - Elle l&#039;a bien cherch\u00e9 !?","og_description":"Pour acc\u00e9der \u00e0 une bibliographie compl\u00e8te d&#8217;ouvrages rang\u00e9s par th\u00e8me, cliquez ici. Ci dessous, quelques ouvrages pr\u00e9sent\u00e9s de mani\u00e8re plus compl\u00e8te : Le livre de r\u00e9f\u00e9rence sur les violences sexuelles, \u00e9crit par Muriel Salmona, m\u00e9decin engag\u00e9e contre les violences et qui a fait beaucoup de travaux et de recherches sur les psychotraumatismes li\u00e9s aux violences, &hellip;","og_url":"https:\/\/ellelabiencherche.com\/index.php\/bibliotheque\/","og_site_name":"Elle l&#039;a bien cherch\u00e9 !?","article_publisher":"https:\/\/www.facebook.com\/ellelabiencherche","article_modified_time":"2023-05-17T08:26:31+00:00","og_image":[{"url":"https:\/\/ellelabiencherche.com\/wp-content\/uploads\/2022\/10\/1.png"}],"twitter_card":"summary_large_image","twitter_misc":{"Dur\u00e9e de lecture estim\u00e9e":"11 minutes"},"schema":{"@context":"https:\/\/schema.org","@graph":[{"@type":"WebPage","@id":"https:\/\/ellelabiencherche.com\/index.php\/bibliotheque\/","url":"https:\/\/ellelabiencherche.com\/index.php\/bibliotheque\/","name":"Biblioth\u00e8que - Elle l&#039;a bien cherch\u00e9 !?","isPartOf":{"@id":"https:\/\/ellelabiencherche.com\/#website"},"datePublished":"2022-10-05T07:25:36+00:00","dateModified":"2023-05-17T08:26:31+00:00","breadcrumb":{"@id":"https:\/\/ellelabiencherche.com\/index.php\/bibliotheque\/#breadcrumb"},"inLanguage":"fr-FR","potentialAction":[{"@type":"ReadAction","target":["https:\/\/ellelabiencherche.com\/index.php\/bibliotheque\/"]}]},{"@type":"BreadcrumbList","@id":"https:\/\/ellelabiencherche.com\/index.php\/bibliotheque\/#breadcrumb","itemListElement":[{"@type":"ListItem","position":1,"name":"Accueil","item":"https:\/\/ellelabiencherche.com\/"},{"@type":"ListItem","position":2,"name":"Biblioth\u00e8que"}]},{"@type":"WebSite","@id":"https:\/\/ellelabiencherche.com\/#website","url":"https:\/\/ellelabiencherche.com\/","name":"Elle l&#039;a bien cherch\u00e9 !?","description":"Formation et sensibilisation - \u00c9galit\u00e9 femmes\/hommes - Lutte contre le sexisme - Fresque du sexisme","publisher":{"@id":"https:\/\/ellelabiencherche.com\/#organization"},"potentialAction":[{"@type":"SearchAction","target":{"@type":"EntryPoint","urlTemplate":"https:\/\/ellelabiencherche.com\/?s={search_term_string}"},"query-input":"required name=search_term_string"}],"inLanguage":"fr-FR"},{"@type":"Organization","@id":"https:\/\/ellelabiencherche.com\/#organization","name":"Elle l'a bien cherch\u00e9 !","url":"https:\/\/ellelabiencherche.com\/","logo":{"@type":"ImageObject","inLanguage":"fr-FR","@id":"https:\/\/ellelabiencherche.com\/#\/schema\/logo\/image\/","url":"https:\/\/ellelabiencherche.com\/wp-content\/uploads\/2022\/06\/blog-Couverture-Facebook3.jpeg","contentUrl":"https:\/\/ellelabiencherche.com\/wp-content\/uploads\/2022\/06\/blog-Couverture-Facebook3.jpeg","width":851,"height":315,"caption":"Elle l'a bien cherch\u00e9 !"},"image":{"@id":"https:\/\/ellelabiencherche.com\/#\/schema\/logo\/image\/"},"sameAs":["https:\/\/www.facebook.com\/ellelabiencherche","https:\/\/www.instagram.com\/ellelabiencherche\/"]}]}},"_links":{"self":[{"href":"https:\/\/ellelabiencherche.com\/index.php\/wp-json\/wp\/v2\/pages\/379","targetHints":{"allow":["GET"]}}],"collection":[{"href":"https:\/\/ellelabiencherche.com\/index.php\/wp-json\/wp\/v2\/pages"}],"about":[{"href":"https:\/\/ellelabiencherche.com\/index.php\/wp-json\/wp\/v2\/types\/page"}],"author":[{"embeddable":true,"href":"https:\/\/ellelabiencherche.com\/index.php\/wp-json\/wp\/v2\/users\/1"}],"replies":[{"embeddable":true,"href":"https:\/\/ellelabiencherche.com\/index.php\/wp-json\/wp\/v2\/comments?post=379"}],"version-history":[{"count":11,"href":"https:\/\/ellelabiencherche.com\/index.php\/wp-json\/wp\/v2\/pages\/379\/revisions"}],"predecessor-version":[{"id":588,"href":"https:\/\/ellelabiencherche.com\/index.php\/wp-json\/wp\/v2\/pages\/379\/revisions\/588"}],"wp:attachment":[{"href":"https:\/\/ellelabiencherche.com\/index.php\/wp-json\/wp\/v2\/media?parent=379"}],"curies":[{"name":"wp","href":"https:\/\/api.w.org\/{rel}","templated":true}]}}